{"id":3399,"date":"2022-06-01T08:12:47","date_gmt":"2022-06-01T08:12:47","guid":{"rendered":"https:\/\/www.uwesfrisurenstudio.de\/?page_id=3399"},"modified":"2022-10-21T11:43:01","modified_gmt":"2022-10-21T11:43:01","slug":"datenschutz","status":"publish","type":"page","link":"https:\/\/www.uwesfrisurenstudio.de\/index.php\/datenschutz\/","title":{"rendered":"Datenschutz"},"content":{"rendered":"\t\t<div data-elementor-type=\"wp-page\" data-elementor-id=\"3399\" class=\"elementor elementor-3399\">\n\t\t\t\t\t\t<section class=\"elementor-section elementor-top-section elementor-element elementor-element-4b4cab2d elementor-section-boxed elementor-section-height-default elementor-section-height-default\" data-id=\"4b4cab2d\" data-element_type=\"section\">\n\t\t\t\t\t\t<div class=\"elementor-container elementor-column-gap-default\">\n\t\t\t\t\t<div class=\"elementor-column elementor-col-100 elementor-top-column elementor-element elementor-element-5bc27bef\" data-id=\"5bc27bef\" data-element_type=\"column\">\n\t\t\t<div class=\"elementor-widget-wrap elementor-element-populated\">\n\t\t\t\t\t\t<div class=\"elementor-element elementor-element-1fb6a73a elementor-widget elementor-widget-text-editor\" data-id=\"1fb6a73a\" data-element_type=\"widget\" data-widget_type=\"text-editor.default\">\n\t\t\t\t<div class=\"elementor-widget-container\">\n\t\t\t\t\t\t\t\t\t<p><\/p>\n<p>Datenschutzerkl\u00e4rung<\/p>\n<p><\/p>\n<p><\/p>\n<ol class=\"wp-block-list\">\n<li>Datenschutz auf einen Blick<\/li>\n<\/ol>\n<p><\/p>\n<p><\/p>\n<p>Allgemeine Hinweise<\/p>\n<p><\/p>\n<p><\/p>\n<p>Die folgenden Hinweise geben einen einfachen \u00dcberblick dar\u00fcber, was mit Ihren personenbezogenen Daten&nbsp;<br>passiert, wenn Sie diese Website besuchen. Personen bezogene Daten sind alle Daten, mit denen Sie&nbsp;<br>pers\u00f6nlich identifiziert werden k\u00f6nnen. Ausf\u00fchrliche Informationen zum Thema Datenschutz entnehmen&nbsp;<br>Sie unserer unter diesem Text aufgef\u00fchrten Datenschutzerkl\u00e4rung.<\/p>\n<p><\/p>\n<p><\/p>\n<p>Datenerfassung auf dieser Website<\/p>\n<p><\/p>\n<p><\/p>\n<p>Wer ist verantwortlich f\u00fcr die Datenerfassung auf dieser Website?&nbsp;<br>Die Datenverarbeitung auf dieser Website erfolgt durch den Websitebetreiber. Dessen Kontaktdaten&nbsp;<br>k\u00f6nnen Sie dem Abschnitt \u201eHinweis zur Verantwortlichen Stelle\u201c in dieser Datenschutzerkl\u00e4rung&nbsp;<br>entnehmen.<\/p>\n<p><\/p>\n<p><\/p>\n<p>Wie erfassen wir Ihre Daten?<\/p>\n<p><\/p>\n<p><\/p>\n<p>Ihre Daten werden zum einen dadurch erhoben, dass Sie uns diese mitteilen. Hierbei kann es sich z. B. um&nbsp;<br>Daten handeln, die Sie in ein Kontaktformular eingeben.&nbsp;<br>Andere Daten werden automatisch oder nach Ihrer Einwilligung beim Besuch der Website durch unsere IT Systeme erfasst. Das sind vor allem technische Daten (z. B. Internetbrowser, Betriebssystem oder Uhrzeit&nbsp;<br>des Seitenaufrufs). Die Erfassung dieser Daten erfolgt automatisch, sobald Sie diese Website betreten.<\/p>\n<p><\/p>\n<p><\/p>\n<p>Wof\u00fcr nutzen wir Ihre Daten?<\/p>\n<p><\/p>\n<p><\/p>\n<p>Ein Teil der Daten wird erhoben, um eine fehlerfreie Bereitstellung der Website zu gew\u00e4hrleisten. Andere&nbsp;<br>Daten k\u00f6nnen zur Analyse Ihres Nutzerverhaltens verwendet werden.<\/p>\n<p><\/p>\n<p><\/p>\n<p>Welche Rechte haben Sie bez\u00fcglich Ihrer Daten?<\/p>\n<p><\/p>\n<p><\/p>\n<p>Sie haben jederzeit das Recht, unentgeltlich Auskunft \u00fcber Herkunft, Empf\u00e4nger und Zweck Ihrer&nbsp;<br>gespeicherten personenbezogenen Daten zu erhalten. Sie haben au\u00dferdem ein Recht, die Berichtigung oder&nbsp;<br>L\u00f6schung dieser Daten zu verlangen. Wenn Sie eine Einwilligung zur Datenverarbeitung erteilt haben,&nbsp;<br>k\u00f6nnen Sie diese Einwilligung jederzeit f\u00fcr die Zukunft widerrufen. Au\u00dferdem haben Sie das Recht, unter<br>bestimmten Umst\u00e4nden die Einschr\u00e4nkung der Verarbeitung Ihrer personenbezogenen Daten zu verlangen.&nbsp;<br>Des Weiteren steht Ihnen ein Beschwerderecht bei der zust\u00e4ndigen Aufsichtsbeh\u00f6rde zu.&nbsp;<br>Hierzu sowie zu weiteren Fragen zum Thema Datenschutz k\u00f6nnen Sie sich jederzeit an uns wenden.<\/p>\n<p><\/p>\n<p><\/p>\n<ol class=\"wp-block-list\" start=\"2\">\n<li>Hosting<\/li>\n<\/ol>\n<p><\/p>\n<p><\/p>\n<p>IONOS<\/p>\n<p><\/p>\n<p><\/p>\n<p>Wir hosten unsere Website bei IONOS SE. Anbieter ist die IONOS SE, Elgendorfer Str. 57, 56410<br>Montabaur (nachfolgend IONOS). Wenn Sie unsere Website besuchen, erfasst IONOS verschiedene Logfiles&nbsp;<br>inklusive Ihrer IP-Adressen. Details entnehmen Sie der Datenschutzerkl\u00e4rung von IONOS:<br>https:\/\/www.ionos.de\/terms-gtc\/terms-privacy.<\/p>\n<p><\/p>\n<p><\/p>\n<p>Die Verwendung von IONOS erfolgt auf Grundlage von Art. 6 Abs. 1 lit. f DSGVO. Wir haben ein&nbsp;<br>berechtigtes Interesse an einer m\u00f6glichst zuverl\u00e4ssigen Darstellung unserer Website. Sofern eine&nbsp;<br>entsprechende Einwilligung abgefragt wurde, erfolgt die Verarbeitung ausschlie\u00dflich auf Grundlage von Art.<br>6 Abs. 1 lit. a DSGVO und \u00a7 25 Abs. 1 TTDSG, soweit die Einwilligung die Speicherung von Cookies oder den&nbsp;<br>Zugriff auf Informationen im Endger\u00e4t des Nutzers (z. B. Device-Fingerprinting) im Sinne des TTDSG&nbsp;<br>umfasst. Die Einwilligung ist jederzeit widerrufbar.<\/p>\n<p><\/p>\n<p><\/p>\n<p>Auftragsverarbeitung<\/p>\n<p><\/p>\n<p><\/p>\n<p>Wir haben einen Vertrag \u00fcber Auftragsverarbeitung (AVV) mit dem oben genannten Anbieter geschlossen.&nbsp;<br>Hierbei handelt es sich um einen datenschutzrechtlich vorgeschriebenen Vertrag, der gew\u00e4hrleistet, dass&nbsp;<br>dieser die personenbezogenen Daten unserer Websitebesucher nur nach unseren Weisungen und unter&nbsp;<br>Einhaltung der DSGVO verarbeitet.<\/p>\n<p><\/p>\n<p><\/p>\n<ol class=\"wp-block-list\" start=\"3\">\n<li>Allgemeine Hinweise und Pflichtinformationen<\/li>\n<\/ol>\n<p><\/p>\n<p><\/p>\n<p>Datenschutz<\/p>\n<p><\/p>\n<p><\/p>\n<p>Die Betreiber dieser Seiten nehmen den Schutz Ihrer pers\u00f6nlichen Daten sehr ernst. Wir behandeln Ihre&nbsp;<br>personenbezogenen Daten vertraulich und entsprechend den gesetzlichen Datenschutzvorschriften sowie&nbsp;<br>dieser Datenschutzerkl\u00e4rung.&nbsp;<br>Wenn Sie diese Website benutzen, werden verschiedene personenbezogene Daten erhoben.&nbsp;<br>Personenbezogene Daten sind Daten, mit denen Sie pers\u00f6nlich identifiziert werden k\u00f6nnen. Die vorliegende&nbsp;<br>Datenschutzerkl\u00e4rung erl\u00e4utert, welche Daten wir erheben und wof\u00fcr wir sie nutzen. Sie erl\u00e4utert auch, wie&nbsp;<br>und zu welchem Zweck das geschieht.&nbsp;<br>Wir weisen darauf hin, dass die Daten\u00fcbertragung im Internet (z. B. bei der Kommunikation per E-Mail)&nbsp;<br>Sicherheitsl\u00fccken aufweisen kann. Ein l\u00fcckenloser Schutz der Daten vor dem Zugriff durch Dritte ist nicht&nbsp;<br>m\u00f6glich.<\/p>\n<p><\/p>\n<p><\/p>\n<p>Hinweis zur verantwortlichen Stelle<\/p>\n<p><\/p>\n<p><\/p>\n<p>Die verantwortliche Stelle f\u00fcr die Datenverarbeitung auf dieser Website ist:<\/p>\n<p><\/p>\n<p><\/p>\n<p>Fabian Brosius&nbsp;<br>Hauptstra\u00dfe 72<br>Edingen-Neckarhausen 68535<br>Deutschland<br>E-Mail: uwesfrisurenstudio@web.de<\/p>\n<p><\/p>\n<p><\/p>\n<p>Verantwortliche Stelle ist die nat\u00fcrliche oder juristische Person, die allein oder gemeinsam mit anderen \u00fcber&nbsp;<br>die Zwecke und Mittel der Verarbeitung von personenbezogenen Daten (z. B. Namen, E-Mail-Adressen o. \u00c4.)&nbsp;<br>entscheidet.<\/p>\n<p><\/p>\n<p><\/p>\n<p>Speicherdauer<\/p>\n<p><\/p>\n<p><\/p>\n<p>Soweit innerhalb dieser Datenschutzerkl\u00e4rung keine speziellere Speicherdauer genannt wurde, verbleiben&nbsp;<br>Ihre personenbezogenen Daten bei uns, bis der Zweck f\u00fcr die Datenverarbeitung entf\u00e4llt. Wenn Sie ein&nbsp;<br>berechtigtes L\u00f6schersuchen geltend machen oder eine Einwilligung zur Datenverarbeitung widerrufen,&nbsp;<br>werden Ihre Daten gel\u00f6scht, sofern wir keine anderen rechtlich zul\u00e4ssigen Gr\u00fcnde f\u00fcr die Speicherung Ihrer&nbsp;<br>personenbezogenen Daten haben (z. B. steuer- oder handelsrechtliche Aufbewahrungsfristen);&nbsp; im&nbsp;<br>letztgenannten Fall erfolgt die L\u00f6schung nach Fortfall dieser Gr\u00fcnde.<\/p>\n<p><\/p>\n<p><\/p>\n<p>Allgemeine Hinweise zu den Rechtsgrundlagen der Datenverarbeitung auf dieser&nbsp;<br>Website<\/p>\n<p><\/p>\n<p><\/p>\n<p>Sofern Sie in die Datenverarbeitung eingewilligt haben, verarbeiten wir Ihre personenbezogenen Daten auf&nbsp;<br>Grundlage von Art. 6 Abs. 1 lit. a DSGVO bzw. Art. 9 Abs. 2 lit. a DSGVO, sofern besondere Datenkategorien<br>nach Art. 9 Abs. 1 DSGVO verarbeitet werden. Im Falle einer ausdr\u00fccklichen Einwilligung in die \u00dcbertragung&nbsp;<br>personenbezogener Daten in Drittstaaten erfolgt die Datenverarbeitung au\u00dferdem auf Grundlage von Art.<br>49 Abs. 1 lit. a DSGVO. Sofern Sie in die Speicherung von Cookies oder in den Zugriff auf Informationen in&nbsp;<br>Ihr Endger\u00e4t (z. B. via Device-Fingerprinting) eingewilligt haben, erfolgt die Datenverarbeitung zus\u00e4tzlich&nbsp;<br>auf Grundlage von \u00a7 25 Abs. 1 TTDSG. Die Einwilligung ist jederzeit widerrufbar. Sind Ihre Daten zur&nbsp;<br>Vertragserf\u00fcllung oder zur Durchf\u00fchrung vorvertraglicher Ma\u00dfnahmen erforderlich, verarbeiten wir Ihre&nbsp;<br>Daten auf Grundlage des Art. 6 Abs. 1 lit. b DSGVO. Des Weiteren verarbeiten wir Ihre Daten, sofern diese&nbsp;<br>zur Erf\u00fcllung einer rechtlichen Verpflichtung erforderlich sind auf Grundlage von Art. 6 Abs. 1 lit. c DSGVO.&nbsp;<br>Die Datenverarbeitung kann ferner auf Grundlage unseres berechtigten Interesses nach Art. 6 Abs. 1 lit. f<br>DSGVO erfolgen. \u00dcber die jeweils im Einzelfall einschl\u00e4gigen Rechtsgrundlagen wird in den folgenden&nbsp;<br>Abs\u00e4tzen dieser Datenschutzerkl\u00e4rung informiert.<\/p>\n<p><\/p>\n<p><\/p>\n<p>Widerruf Ihrer Einwilligung zur Datenverarbeitung<\/p>\n<p><\/p>\n<p><\/p>\n<p>Viele Datenverarbeitungsvorg\u00e4nge sind nur mit Ihrer ausdr\u00fccklichen Einwilligung m\u00f6glich. Sie k\u00f6nnen eine&nbsp;<br>bereits erteilte Einwilligung jederzeit widerrufen. Die Rechtm\u00e4\u00dfigkeit der bis zum Widerruf erfolgten&nbsp;<br>Datenverarbeitung bleibt vom Widerruf unber\u00fchrt.<\/p>\n<p><\/p>\n<p><\/p>\n<p>Widerspruchsrecht gegen die Datenerhebung in besonderen F\u00e4llen sowie gegen&nbsp;<br>Direktwerbung (Art. 21 DSGVO)<\/p>\n<p><\/p>\n<p><\/p>\n<p>WENN DIE DATENVERARBEITUNG AUF GRUNDLAGE VON ART. 6 ABS. 1 LIT. E ODER F DSGVO<br>ERFOLGT, HABEN SIE JEDERZEIT DAS RECHT, AUS GR\u00dcNDEN, DIE SICH AUS IHRER BESONDEREN<br>SITUATION ERGEBEN, GEGEN DIE VERARBEITUNG IHRER PERSONENBEZOGENEN DATEN<br>WIDERSPRUCH EINZULEGEN; DIES GILT AUCH F\u00dcR EIN AUF DIESE BESTIMMUNGEN GEST\u00dcTZTES<br>PROFILING. DIE JEWEILIGE RECHTSGRUNDLAGE, AUF DENEN EINE VERARBEITUNG BERUHT, ENTNEHMEN SIE DIESER DATENSCHUTZERKL\u00c4RUNG. WENN SIE WIDERSPRUCH EINLEGEN,<br>WERDEN WIR IHRE BETROFFENEN PERSONENBEZOGENEN DATEN NICHT MEHR VERARBEITEN, ES<br>SEI DENN, WIR K\u00d6NNEN ZWINGENDE SCHUTZW\u00dcRDIGE GR\u00dcNDE F\u00dcR DIE VERARBEITUNG<br>NACHWEISEN, DIE IHRE INTERESSEN, RECHTE UND FREIHEITEN \u00dcBERWIEGEN ODER DIE<br>VERARBEITUNG DIENT DER GELTENDMACHUNG, AUS\u00dcBUNG ODER VERTEIDIGUNG VON<br>RECHTSANSPR\u00dcCHEN (WIDERSPRUCH NACH ART. 21 ABS. 1 DSGVO).<br>WERDEN IHRE PERSONENBEZOGENEN DATEN VERARBEITET, UM DIREKTWERBUNG ZU BETREIBEN,<br>SO HABEN SIE DAS RECHT, JEDERZEIT WIDERSPRUCH GEGEN DIE VERARBEITUNG SIE<br>BETREFFENDER PERSONENBEZOGENER DATEN ZUM ZWECKE DERARTIGER WERBUNG<br>EINZULEGEN; DIES GILT AUCH F\u00dcR DAS PROFILING, SOWEIT ES MIT SOLCHER DIREKTWERBUNG IN<br>VERBINDUNG STEHT. WENN SIE WIDERSPRECHEN, WERDEN IHRE PERSONENBEZOGENEN DATEN<br>ANSCHLIESSEND NICHT MEHR ZUM ZWECKE DER DIREKTWERBUNG VERWENDET (WIDERSPRUCH<br>NACH ART. 21 ABS. 2 DSGVO).<\/p>\n<p><\/p>\n<p><\/p>\n<p>Beschwerderecht bei der zust\u00e4ndigen Aufsichtsbeh\u00f6rde<\/p>\n<p><\/p>\n<p><\/p>\n<p>Im Falle von Verst\u00f6\u00dfen gegen die DSGVO steht den Betroffenen ein Beschwerderecht bei einer&nbsp;<br>Aufsichtsbeh\u00f6rde, insbesondere in dem Mitgliedstaat ihres gew\u00f6hnlichen Aufenthalts, ihres Arbeitsplatzes&nbsp;<br>oder des Orts des mutma\u00dflichen Versto\u00dfes zu. Das Beschwerderecht besteht unbeschadet anderweitiger&nbsp;<br>verwaltungsrechtlicher oder gerichtlicher Rechtsbehelfe.<\/p>\n<p><\/p>\n<p><\/p>\n<p>Recht auf Daten\u00fcbertragbarkeit<\/p>\n<p><\/p>\n<p><\/p>\n<p>Sie haben das Recht, Daten, die wir auf Grundlage Ihrer Einwilligung oder in Erf\u00fcllung eines Vertrags<br>automatisiert verarbeiten, an sich oder an einen Dritten in einem g\u00e4ngigen, maschinenlesbaren Format<br>aush\u00e4ndigen zu lassen. Sofern Sie die direkte \u00dcbertragung der Daten an einen anderen Verantwortlichen&nbsp;<br>verlangen, erfolgt dies nur, soweit es technisch machbar ist.<\/p>\n<p><\/p>\n<p><\/p>\n<p>Auskunft, L\u00f6schung und Berichtigung<\/p>\n<p><\/p>\n<p><\/p>\n<p>Sie haben im Rahmen der geltenden gesetzlichen Bestimmungen jederzeit das Recht auf unentgeltliche&nbsp;<br>Auskunft \u00fcber Ihre gespeicherten personenbezogenen Daten, deren Herkunft und Empf\u00e4nger und den&nbsp;<br>Zweck der Datenverarbeitung und ggf. ein Recht auf Berichtigung oder L\u00f6schung dieser Daten. Hierzu sowie&nbsp;<br>zu weiteren Fragen zum Thema personenbezogene Daten k\u00f6nnen Sie sich jederzeit an uns wenden.<\/p>\n<p><\/p>\n<p><\/p>\n<p>Recht auf Einschr\u00e4nkung der Verarbeitung<\/p>\n<p><\/p>\n<p><\/p>\n<p>Sie haben das Recht, die Einschr\u00e4nkung der Verarbeitung Ihrer personenbezogenen Daten zu verlangen.&nbsp;<br>Hierzu k\u00f6nnen Sie sich jederzeit an uns wenden. Das Recht auf Einschr\u00e4nkung der Verarbeitung besteht in&nbsp;<br>folgenden F\u00e4llen:<\/p>\n<p><\/p>\n<p><\/p>\n<p>Wenn Sie die Richtigkeit Ihrer bei uns gespeicherten personenbezogenen Daten bestreiten, ben\u00f6tigen wir&nbsp;<br>in der Regel Zeit, um dies zu \u00fcberpr\u00fcfen. F\u00fcr die Dauer der Pr\u00fcfung haben Sie das Recht, die&nbsp;<br>Einschr\u00e4nkung der Verarbeitung Ihrer personenbezogenen Daten zu verlangen.&nbsp;<br>Wenn die Verarbeitung Ihrer personenbezogenen Daten unrechtm\u00e4\u00dfig geschah\/geschieht, k\u00f6nnen Sie&nbsp;<br>statt der L\u00f6schung die Einschr\u00e4nkung der Datenverarbeitung verlangen.&nbsp;<br>Wenn wir Ihre personenbezogenen Daten nicht mehr ben\u00f6tigen, Sie sie jedoch zur Aus\u00fcbung,&nbsp;<br>Verteidigung oder Geltendmachung von Rechtsanspr\u00fcchen ben\u00f6tigen, haben Sie das Recht, statt der&nbsp;<br>L\u00f6schung die Einschr\u00e4nkung der Verarbeitung Ihrer personenbezogenen Daten zu verlangen.&nbsp;<br>Wenn Sie einen Widerspruch nach Art. 21 Abs. 1 DSGVO eingelegt haben, muss eine Abw\u00e4gung zwischen&nbsp;<br>Ihren und unseren Interessen vorgenommen werden. Solange noch nicht feststeht, wessen Interessen<br>\u00fcberwiegen, haben Sie das Recht, die Einschr\u00e4nkung der Verarbeitung Ihrer personenbezogenen Daten&nbsp;<br>zu verlangen. Wenn Sie die Verarbeitung Ihrer personenbezogenen Daten eingeschr\u00e4nkt haben, d\u00fcrfen diese Daten \u2013 von&nbsp;<br>ihrer Speicherung abgesehen \u2013 nur mit Ihrer Einwilligung oder zur Geltendmachung, Aus\u00fcbung oder&nbsp;<br>Verteidigung von Rechtsanspr\u00fcchen oder zum Schutz der Rechte einer anderen nat\u00fcrlichen oder<br>juristischen Person oder aus Gr\u00fcnden eines wichtigen \u00f6ffentlichen Interesses der Europ\u00e4ischen Union oder&nbsp;<br>eines Mitgliedstaats verarbeitet werden.<\/p>\n<p><\/p>\n<p><\/p>\n<p>Widerspruch gegen Werbe-E-Mails<\/p>\n<p><\/p>\n<p><\/p>\n<p>Der Nutzung von im Rahmen der Impressumspflicht ver\u00f6ffentlichten Kontaktdaten zur \u00dcbersendung von&nbsp;<br>nicht ausdr\u00fccklich angeforderter Werbung und Informationsmaterialien wird hiermit widersprochen. Die&nbsp;<br>Betreiber der Seiten behalten sich ausdr\u00fccklich rechtliche Schritte im Falle der unverlangten Zusendung von&nbsp;<br>Werbeinformationen, etwa durch Spam-E-Mails, vor.<\/p>\n<p><\/p>\t\t\t\t\t\t\t\t<\/div>\n\t\t\t\t<\/div>\n\t\t\t\t\t<\/div>\n\t\t<\/div>\n\t\t\t\t\t<\/div>\n\t\t<\/section>\n\t\t\t\t<\/div>\n\t\t","protected":false},"excerpt":{"rendered":"<p>Datenschutzerkl\u00e4rung Datenschutz auf einen Blick Allgemeine Hinweise Die folgenden Hinweise geben einen einfachen \u00dcberblick dar\u00fcber, was mit Ihren personenbezogenen Daten&nbsp;passiert, wenn Sie diese Website besuchen. Personen bezogene Daten sind alle Daten, mit denen Sie&nbsp;pers\u00f6nlich identifiziert werden k\u00f6nnen. Ausf\u00fchrliche Informationen zum Thema Datenschutz entnehmen&nbsp;Sie unserer unter diesem Text aufgef\u00fchrten Datenschutzerkl\u00e4rung. Datenerfassung auf dieser Website Wer ist [&hellip;]<\/p>\n","protected":false},"author":1,"featured_media":0,"parent":0,"menu_order":0,"comment_status":"closed","ping_status":"closed","template":"","meta":{"site-sidebar-layout":"default","site-content-layout":"","ast-site-content-layout":"","site-content-style":"default","site-sidebar-style":"default","ast-global-header-display":"","ast-banner-title-visibility":"","ast-main-header-display":"","ast-hfb-above-header-display":"","ast-hfb-below-header-display":"","ast-hfb-mobile-header-display":"","site-post-title":"disabled","ast-breadcrumbs-content":"","ast-featured-img":"","footer-sml-layout":"","theme-transparent-header-meta":"","adv-header-id-meta":"","stick-header-meta":"","header-above-stick-meta":"","header-main-stick-meta":"","header-below-stick-meta":"","astra-migrate-meta-layouts":"default","ast-page-background-enabled":"default","ast-page-background-meta":{"desktop":{"background-color":"var(--ast-global-color-4)","background-image":"","background-repeat":"repeat","background-position":"center center","background-size":"auto","background-attachment":"scroll","background-type":"","background-media":"","overlay-type":"","overlay-color":"","overlay-opacity":"","overlay-gradient":""},"tablet":{"background-color":"","background-image":"","background-repeat":"repeat","background-position":"center center","background-size":"auto","background-attachment":"scroll","background-type":"","background-media":"","overlay-type":"","overlay-color":"","overlay-opacity":"","overlay-gradient":""},"mobile":{"background-color":"","background-image":"","background-repeat":"repeat","background-position":"center center","background-size":"auto","background-attachment":"scroll","background-type":"","background-media":"","overlay-type":"","overlay-color":"","overlay-opacity":"","overlay-gradient":""}},"ast-content-background-meta":{"desktop":{"background-color":"var(--ast-global-color-5)","background-image":"","background-repeat":"repeat","background-position":"center center","background-size":"auto","background-attachment":"scroll","background-type":"","background-media":"","overlay-type":"","overlay-color":"","overlay-opacity":"","overlay-gradient":""},"tablet":{"background-color":"var(--ast-global-color-5)","background-image":"","background-repeat":"repeat","background-position":"center center","background-size":"auto","background-attachment":"scroll","background-type":"","background-media":"","overlay-type":"","overlay-color":"","overlay-opacity":"","overlay-gradient":""},"mobile":{"background-color":"var(--ast-global-color-5)","background-image":"","background-repeat":"repeat","background-position":"center center","background-size":"auto","background-attachment":"scroll","background-type":"","background-media":"","overlay-type":"","overlay-color":"","overlay-opacity":"","overlay-gradient":""}},"footnotes":""},"class_list":["post-3399","page","type-page","status-publish","hentry"],"_links":{"self":[{"href":"https:\/\/www.uwesfrisurenstudio.de\/index.php\/wp-json\/wp\/v2\/pages\/3399","targetHints":{"allow":["GET"]}}],"collection":[{"href":"https:\/\/www.uwesfrisurenstudio.de\/index.php\/wp-json\/wp\/v2\/pages"}],"about":[{"href":"https:\/\/www.uwesfrisurenstudio.de\/index.php\/wp-json\/wp\/v2\/types\/page"}],"author":[{"embeddable":true,"href":"https:\/\/www.uwesfrisurenstudio.de\/index.php\/wp-json\/wp\/v2\/users\/1"}],"replies":[{"embeddable":true,"href":"https:\/\/www.uwesfrisurenstudio.de\/index.php\/wp-json\/wp\/v2\/comments?post=3399"}],"version-history":[{"count":15,"href":"https:\/\/www.uwesfrisurenstudio.de\/index.php\/wp-json\/wp\/v2\/pages\/3399\/revisions"}],"predecessor-version":[{"id":3587,"href":"https:\/\/www.uwesfrisurenstudio.de\/index.php\/wp-json\/wp\/v2\/pages\/3399\/revisions\/3587"}],"wp:attachment":[{"href":"https:\/\/www.uwesfrisurenstudio.de\/index.php\/wp-json\/wp\/v2\/media?parent=3399"}],"curies":[{"name":"wp","href":"https:\/\/api.w.org\/{rel}","templated":true}]}}